{"id":57,"date":"2011-06-24T12:33:19","date_gmt":"2011-06-24T12:33:19","guid":{"rendered":"http:\/\/www.gi-zrmk.eu\/come2com\/?page_id=57"},"modified":"2011-07-01T12:37:16","modified_gmt":"2011-07-01T12:37:16","slug":"delavnica-come2com","status":"publish","type":"page","link":"http:\/\/www.gi-zrmk.eu\/come2com\/?page_id=57","title":{"rendered":"Strokovna delavnica projekta Come2Come, Ljubljana, 10.marec 2011"},"content":{"rendered":"<p><span style=\"font-family: trebuchet ms,geneva;\"><strong>Podpora ob\u010dinam pri pristopu h  Konvenciji \u017eupanov in zmanj\u0161evanju izpustov  CO<sub>2<\/sub><\/strong><\/span><\/p>\n<p><span style=\"font-family: trebuchet ms,geneva;\"><strong><br \/>\n<\/strong><\/span><\/p>\n<p><span style=\"font-family: trebuchet ms,geneva;\"><strong>Izmenjava izku\u0161enj ob\u010dinskih  strategij za trajnostno energijo<\/strong><\/span><\/p>\n<p><span style=\"font-family: trebuchet ms,geneva;\"><strong><br \/>\n<\/strong><\/span><\/p>\n<p><span style=\"font-family: trebuchet ms,geneva;\"><a title=\"Program in vabilo na delavnico\" href=\"http:\/\/www.gi-zrmk.eu\/come2com\/wp-content\/uploads\/2011\/06\/0-naslovnica-come2com-delavnica.pdf\"><strong>PROGRAM<\/strong><\/a><\/span><\/p>\n<p><span style=\"font-family: trebuchet ms,geneva;\"><strong><br \/>\n<\/strong><\/span><\/p>\n<p><span style=\"font-family: trebuchet ms,geneva;\">Ljubljana, 10. marec 2011,  dvorana Ur\u0161ka na Gospodarskem razstavi\u0161\u010du<\/span><\/p>\n<p><span style=\"font-family: trebuchet ms,geneva;\"><br \/>\n<\/span><\/p>\n<table class=\"aligncenter\" style=\"height: 800px; text-align: justify; width: 70%;\" border=\"2\" cellspacing=\"1\" cellpadding=\"0\" width=\"448\" height=\"800\" align=\"center\">\n<tbody>\n<tr align=\"left\" valign=\"middle\">\n<td class=\"wp-smiley\" style=\"border: 1px solid #000000; text-align: center;\" width=\"10%\" valign=\"top\"><span style=\"font-size: small;\">09:30\u00a0\u2013\u00a010:00<\/span><\/td>\n<td class=\"wp-smiley\" style=\"border: 1px solid #000000;\" width=\"50%\" valign=\"top\"><span style=\"font-size: small;\"><strong>Registracija  udele\u017eencev<\/strong><\/span><\/td>\n<\/tr>\n<tr>\n<td class=\"wp-smiley\" style=\"width: 10%; border: 1px solid #000000;\" dir=\"ltr\" align=\"center\"><span style=\"font-size: small;\">10:00\u00a0\u2013\u00a010:10<\/span><\/td>\n<td class=\"wp-smiley\" style=\"border: 1px solid #000000;\" width=\"50%\" valign=\"top\"><strong><span style=\"font-size: small;\">Pozdravni nagovor<\/span><\/strong><br \/>\n<em><span style=\"font-size: small;\"> predstavnik Ministrstva za  gospodarstvo<\/span><\/em><\/td>\n<\/tr>\n<tr>\n<td class=\"wp-smiley\" style=\"border: 1px solid #000000; text-align: center;\" width=\"10%\" valign=\"top\"><span style=\"font-size: small;\">10:10\u00a0\u2013\u00a010:45<\/span><\/td>\n<td class=\"wp-smiley\" style=\"border: 1px solid #000000;\" width=\"50%\" valign=\"top\"><span style=\"font-size: small;\"><strong>Kaj  je Konvencija \u017eupanov, katere obveznosti prina\u0161a (akcijski na\u010drt SEAP) in kak\u0161no  podporo ob\u010dinam zagotavlja projekt EIE Come2CoM<\/strong> <\/span>&#8211; <span style=\"font-size: small;\"><a title=\"PDF predavanja\" href=\"http:\/\/www.gi-zrmk.eu\/come2com\/wp-content\/uploads\/2011\/06\/AnAgendaforSustainableConstructioninEurope.pdf\" target=\"_blank\">pdf<\/a><\/span><br \/>\n<em><span style=\"font-size: small;\"> dr. Marjana \u0160ijanec Zavrl, GI  ZRMK<\/span><\/em><\/td>\n<\/tr>\n<tr>\n<td class=\"wp-smiley\" style=\"border: 1px solid #000000; text-align: center;\" width=\"10%\" valign=\"top\"><span style=\"font-size: small;\">10:45\u00a0\u2013\u00a011:15<\/span><\/td>\n<td class=\"wp-smiley\" style=\"border: 1px solid #000000;\" width=\"50%\" valign=\"top\"><strong><span style=\"font-size: small;\">Lokalni  energetski koncept (LEK) kot obveznost in prilo\u017enost za nadgradnjo v koncept  trajnostne oskrbe z energijo (SEAP)<\/span><\/strong> &#8211; <span style=\"font-size: small;\"><a title=\"PDF predavanja\" href=\"http:\/\/www.gi-zrmk.eu\/come2com\/wp-content\/uploads\/2011\/06\/2-MalovrhGR10-3-2010.pdf\">pdf<\/a><\/span><br \/>\n<em><span style=\"font-size: small;\"> Matja\u017e Malovrh,  univ.dipl.in\u017e.str., GI ZRMK<\/span><\/em><\/td>\n<\/tr>\n<tr>\n<td class=\"wp-smiley\" style=\"border: 1px solid #000000; text-align: center;\" width=\"10%\" valign=\"top\"><span style=\"font-size: small;\">11:15\u00a0\u2013\u00a011:45<\/span><\/td>\n<td class=\"wp-smiley\" style=\"border: 1px solid #000000;\" width=\"50%\" valign=\"top\"><strong><span style=\"font-size: small;\">Prispevek  ob\u010din pri doseganju ciljev podnebno energetske politike<\/span><\/strong> &#8211; <span style=\"font-size: small;\"><a title=\"PDF predavanja\" href=\"http:\/\/www.gi-zrmk.eu\/come2com\/wp-content\/uploads\/2011\/06\/3-predstavitev_sucic_merse.pdf\">pdf<\/a><\/span><br \/>\n<em><span style=\"font-size: small;\"> mag. Stane Mer\u0161e, mag. Boris  Su\u010di\u010d, IJS<\/span><\/em><\/td>\n<\/tr>\n<tr>\n<td class=\"wp-smiley\" style=\"border: 1px solid #000000; text-align: center;\" width=\"10%\" valign=\"top\"><span style=\"font-size: small;\">11:45\u00a0\u2013\u00a012:15<\/span><\/td>\n<td class=\"wp-smiley\" style=\"border: 1px solid #000000;\" width=\"50%\" valign=\"top\"><span style=\"font-size: small;\">ODMOR<\/span><\/td>\n<\/tr>\n<tr>\n<td class=\"wp-smiley\" style=\"border: 1px solid #000000; text-align: center;\" width=\"10%\" valign=\"top\"><span style=\"font-size: small;\">12:15\u00a0\u2013\u00a012:45<\/span><\/td>\n<td class=\"wp-smiley\" style=\"border: 1px solid #000000;\" width=\"50%\" valign=\"top\"><span style=\"font-size: small;\"><strong>Energetsko  u\u010dinkovita javna razsvetljava &#8211; projekt EIE ESOLi <\/strong>&#8211; <a title=\"PDF predavanja\" href=\"http:\/\/www.gi-zrmk.eu\/come2com\/wp-content\/uploads\/2011\/06\/99-Bizjak-Esoli-GR-10-3-2011.pdf\">pdf<\/a><\/span><br \/>\n<em><span style=\"font-size: small;\"> Marko Bizjak univ.dipl.in\u017e.el.,  Javna razsvetljava Ljubljana<\/span><\/em><\/td>\n<\/tr>\n<tr>\n<td class=\"wp-smiley\" style=\"border: 1px solid #000000; text-align: center;\" width=\"10%\" valign=\"top\"><span style=\"font-size: small;\">12:45\u00a0\u2013\u00a013:15<\/span><\/td>\n<td class=\"wp-smiley\" style=\"border: 1px solid #000000;\" width=\"50%\" valign=\"top\"><span style=\"font-size: small;\"><strong>Energetski  mened\u017ement MO Velenje \u2013 pot do Konvencije \u017eupanov<\/strong><\/span> &#8211; <span style=\"font-size: small;\"><a title=\"PDF predavanja\" href=\"http:\/\/www.gi-zrmk.eu\/come2com\/wp-content\/uploads\/2011\/06\/5-Kranjc-GR-10-3-2011.pdf\">pdf 1<\/a>, <a title=\"PDF predavanja\" href=\"http:\/\/www.gi-zrmk.eu\/come2com\/wp-content\/uploads\/2011\/06\/6-Kranjc-GR-pot-do-K\u017e.pdf\">pdf 2<\/a><\/span><br \/>\n<em><span style=\"font-size: small;\"> Bo\u0161tjan Krajnc,  univ.dipl.in\u017e.str., Energetska agencija KSSENA<\/span><\/em><\/td>\n<\/tr>\n<tr>\n<td class=\"wp-smiley\" style=\"border: 1px solid #000000; text-align: center;\" width=\"10%\" valign=\"top\"><span style=\"font-size: small;\">13:15\u00a0\u2013\u00a013:45<\/span><\/td>\n<td class=\"wp-smiley\" style=\"border: 1px solid #000000;\" width=\"50%\" valign=\"top\"><strong><span style=\"font-size: small;\">Mo\u017enosti  financiranja ob\u010dinskih projektov okolju prijaznej\u0161ih tehnologij URE in  OVE<\/span><\/strong> &#8211; <span style=\"font-size: small;\"><a title=\"PDF predavanja\" href=\"http:\/\/www.gi-zrmk.eu\/come2com\/wp-content\/uploads\/2011\/06\/7-Gjerkes-GR-10-3-2011.pdf\">pdf<\/a><\/span><br \/>\n<em><span style=\"font-size: small;\"> dr. Henrik Gjerke\u0161, vabljeni  predavatelj<\/span><\/em><\/td>\n<\/tr>\n<tr>\n<td class=\"wp-smiley\" style=\"border: 1px solid #000000; text-align: center;\" width=\"10%\" valign=\"top\"><span style=\"font-size: small;\">13:45\u00a0\u2013\u00a014:15<\/span><\/td>\n<td class=\"wp-smiley\" style=\"border: 1px solid #000000;\" width=\"50%\" valign=\"top\"><span style=\"font-size: small;\">Razprava<\/span><\/td>\n<\/tr>\n<\/tbody>\n<\/table>\n","protected":false},"excerpt":{"rendered":"<p>Podpora ob\u010dinam pri pristopu h Konvenciji \u017eupanov in zmanj\u0161evanju izpustov CO2 Izmenjava izku\u0161enj ob\u010dinskih strategij za trajnostno energijo PROGRAM Ljubljana, 10. marec 2011, dvorana Ur\u0161ka na Gospodarskem razstavi\u0161\u010du 09:30\u00a0\u2013\u00a010:00 Registracija udele\u017eencev 10:00\u00a0\u2013\u00a010:10 Pozdravni nagovor predstavnik Ministrstva za gospodarstvo 10:10\u00a0\u2013\u00a010:45 Kaj &hellip; <a href=\"http:\/\/www.gi-zrmk.eu\/come2com\/?page_id=57\">Continue reading<\/a><\/p>\n","protected":false},"author":1,"featured_media":0,"parent":20,"menu_order":0,"comment_status":"closed","ping_status":"closed","template":"","meta":{"footnotes":""},"_links":{"self":[{"href":"http:\/\/www.gi-zrmk.eu\/come2com\/index.php?rest_route=\/wp\/v2\/pages\/57"}],"collection":[{"href":"http:\/\/www.gi-zrmk.eu\/come2com\/index.php?rest_route=\/wp\/v2\/pages"}],"about":[{"href":"http:\/\/www.gi-zrmk.eu\/come2com\/index.php?rest_route=\/wp\/v2\/types\/page"}],"author":[{"embeddable":true,"href":"http:\/\/www.gi-zrmk.eu\/come2com\/index.php?rest_route=\/wp\/v2\/users\/1"}],"replies":[{"embeddable":true,"href":"http:\/\/www.gi-zrmk.eu\/come2com\/index.php?rest_route=%2Fwp%2Fv2%2Fcomments&post=57"}],"version-history":[{"count":5,"href":"http:\/\/www.gi-zrmk.eu\/come2com\/index.php?rest_route=\/wp\/v2\/pages\/57\/revisions"}],"predecessor-version":[{"id":62,"href":"http:\/\/www.gi-zrmk.eu\/come2com\/index.php?rest_route=\/wp\/v2\/pages\/57\/revisions\/62"}],"up":[{"embeddable":true,"href":"http:\/\/www.gi-zrmk.eu\/come2com\/index.php?rest_route=\/wp\/v2\/pages\/20"}],"wp:attachment":[{"href":"http:\/\/www.gi-zrmk.eu\/come2com\/index.php?rest_route=%2Fwp%2Fv2%2Fmedia&parent=57"}],"curies":[{"name":"wp","href":"https:\/\/api.w.org\/{rel}","templated":true}]}}